{"id":5720,"date":"2020-07-12T00:04:43","date_gmt":"2020-07-12T00:04:43","guid":{"rendered":"https:\/\/stephanetetreault.com\/projects\/milot-tetreault-copy\/"},"modified":"2025-06-20T16:50:31","modified_gmt":"2025-06-20T16:50:31","slug":"culture-dabord","status":"publish","type":"page","link":"https:\/\/stephanetetreault.com\/fr\/culture-dabord\/","title":{"rendered":"Culture d&rsquo;abord!"},"content":{"rendered":"<div class=\"wpb-content-wrapper\"><p>[vc_row equal_height=\u00a0\u00bbyes\u00a0\u00bb content_placement=\u00a0\u00bbmiddle\u00a0\u00bb css=\u00a0\u00bb.vc_custom_1598356574267{margin-bottom: 0px !important;padding-bottom: 80px !important;background-position: center !important;background-repeat: no-repeat !important;background-size: cover !important;}\u00a0\u00bb][vc_column width=\u00a0\u00bb1\/3&Prime;][vc_single_image image=\u00a0\u00bb5725&Prime; img_size=\u00a0\u00bblarge\u00a0\u00bb alignment=\u00a0\u00bbcenter\u00a0\u00bb][\/vc_column][vc_column width=\u00a0\u00bb2\/3&Prime;][vc_column_text]<\/p>\n<h4>St\u00e9phane lance une nouvelle \u00e9mission intitul\u00e9e <em>Culture d\u2019abord!<\/em><\/h4>\n<p><em>Culture d\u2019abord!<\/em> arrive \u00e0 un moment o\u00f9 nous avons besoin de parler de culture plus que jamais. Tous les dimanches, St\u00e9phane re\u00e7oit un(e) invit\u00e9(e) pour discuter de musique, de culture et pour faire un portrait de l\u2019artiste, dans un cadre qui se veut ouvert, stimulant et d\u00e9contract\u00e9. Ne manquez pas cette toute nouvelle \u00e9mission culturelle tous les dimanches, \u00e0 11 h, heure de l\u2019Est.[\/vc_column_text][vc_column_text css=\u00a0\u00bb.vc_custom_1750434038959{margin-top: 0px !important;margin-bottom: 0px !important;}\u00a0\u00bb]DISPONIBLE SUR PODCASTS<br \/>\n<a title=\"Apple Podcasts\" href=\"https:\/\/apple.co\/30yL6Hh\" target=\"_blank\" rel=\"noopener noreferrer\"><img loading=\"lazy\" decoding=\"async\" class=\"alignleft wp-image-5820\" src=\"https:\/\/stephanetetreault.com\/wp-content\/uploads\/2020\/10\/apple_podcast.png\" alt=\"Apple Podcasts\" width=\"28\" height=\"28\" \/><\/a><a title=\"Spotify\" href=\"https:\/\/open.spotify.com\/show\/5hHZHw9gWZ5OpUnOlus7yU\" target=\"_blank\" rel=\"noopener noreferrer\"><img loading=\"lazy\" decoding=\"async\" class=\"alignleft wp-image-5820\" src=\"https:\/\/stephanetetreault.com\/wp-content\/uploads\/2020\/08\/spotify-e1596751588722.png\" alt=\"Spotify\" width=\"28\" height=\"28\" \/><\/a><a title=\"RadioPublic\" href=\"https:\/\/radiopublic.com\/culture-dabord-6vzQ0j\" target=\"_blank\" rel=\"noopener noreferrer\"><img loading=\"lazy\" decoding=\"async\" class=\"alignleft wp-image-5823\" src=\"https:\/\/stephanetetreault.com\/wp-content\/uploads\/2020\/08\/radiopublic.png\" alt=\"\" width=\"28\" height=\"28\" \/><\/a><a title=\"Anchor\" href=\"https:\/\/anchor.fm\/stephane-tetreault\" target=\"_blank\" rel=\"noopener noreferrer\"><img loading=\"lazy\" decoding=\"async\" class=\"wp-image-5853 size-full alignleft\" src=\"https:\/\/stephanetetreault.com\/wp-content\/uploads\/2020\/08\/anchor.png\" alt=\"Anchor\" width=\"28\" height=\"28\" \/><\/a>[\/vc_column_text][\/vc_column][\/vc_row][vc_row full_width=\u00a0\u00bbstretch_row\u00a0\u00bb css=\u00a0\u00bb.vc_custom_1598356815647{margin-top: 0px !important;margin-bottom: 0px !important;padding-top: 80px !important;padding-bottom: 40px !important;background-color: #f4f4f4 !important;}\u00a0\u00bb][vc_column][vc_custom_heading text=\u00a0\u00bb\u00c0 revoir\u00a0\u00bb font_container=\u00a0\u00bbtag:h6|font_size:18px|text_align:center|color:%23a9a9a9&Prime; use_theme_fonts=\u00a0\u00bbyes\u00a0\u00bb css=\u00a0\u00bb.vc_custom_1750438227627{margin-bottom: 0px !important;}\u00a0\u00bb el_class=\u00a0\u00bbCustom txt\u00a0\u00bb][vc_custom_heading text=\u00a0\u00bbYannick N\u00e9zet-S\u00e9guin\u00a0\u00bb font_container=\u00a0\u00bbtag:h3|font_size:40px|text_align:center|color:%23111111&Prime; use_theme_fonts=\u00a0\u00bbyes\u00a0\u00bb css=\u00a0\u00bb.vc_custom_1750438207441{margin-bottom: 80px !important;padding-top: 0px !important;}\u00a0\u00bb el_class=\u00a0\u00bbmain&#8211;heading\u00a0\u00bb][vc_video link=\u00a0\u00bbhttps:\/\/www.youtube.com\/watch?v=pydI70WPdHw\u00a0\u00bb css=\u00a0\u00bb\u00a0\u00bb el_class=\u00a0\u00bbsingle&#8211;media\u00a0\u00bb][\/vc_column][\/vc_row][vc_row][vc_column][vc_custom_heading text=\u00a0\u00bb\u00c9pisodes pr\u00e9c\u00e9dents\u00a0\u00bb font_container=\u00a0\u00bbtag:h2|font_size:36px|text_align:center\u00a0\u00bb use_theme_fonts=\u00a0\u00bbyes\u00a0\u00bb css=\u00a0\u00bb.vc_custom_1619981830728{margin-top: 0px !important;margin-bottom: 0px !important;padding-top: 60px !important;padding-bottom: 40px !important;}\u00a0\u00bb el_class=\u00a0\u00bbmain&#8211;heading\u00a0\u00bb]<div class=\"videos--wrap-sc  \"><div class=\"videos--grid grid-row mosaic--section \"><div class=\"grid--item item-anim anim-fadeup grid-4 grid-tablet-6 grid-mobile-6\"><a href=\"https:\/\/www.youtube.com\/watch?v=pydI70WPdHw\" class=\"video-sc anim--reveal permalink iframebox\"><img decoding=\"async\" class=\"videos--image\" src=\"https:\/\/stephanetetreault.com\/wp-content\/uploads\/2021\/05\/Yannick-video-440x300.jpg\" alt=\"Post image\"><h2 class=\"videos--title\">\u00c9pisode 12 &#8211; Yannick N\u00e9zet-S\u00e9guin<\/h2><span class=\"videos--play-layer\"><span class=\"icon icon-play\"><\/span><\/span><\/a><\/div><div class=\"grid--item item-anim anim-fadeup grid-4 grid-tablet-6 grid-mobile-6\"><a href=\"https:\/\/www.youtube.com\/watch?v=Dee7ZFyrt8Q\" class=\"video-sc anim--reveal permalink iframebox\"><img decoding=\"async\" class=\"videos--image\" src=\"https:\/\/stephanetetreault.com\/wp-content\/uploads\/2020\/10\/Extrait_facebook-440x300.jpg\" alt=\"Post image\"><h2 class=\"videos--title\">\u00c9pisode 11 &#8211; Nicolas Ellis<\/h2><span class=\"videos--play-layer\"><span class=\"icon icon-play\"><\/span><\/span><\/a><\/div><div class=\"grid--item item-anim anim-fadeup grid-4 grid-tablet-6 grid-mobile-6\"><a href=\"https:\/\/www.youtube.com\/watch?v=2v2r44dKr90\" class=\"video-sc anim--reveal permalink iframebox\"><img decoding=\"async\" class=\"videos--image\" src=\"https:\/\/stephanetetreault.com\/wp-content\/uploads\/2020\/09\/facebook-1-440x300.jpg\" alt=\"Post image\"><h2 class=\"videos--title\">\u00c9pisode 10 &#8211; Marc Labr\u00e8che<\/h2><span class=\"videos--play-layer\"><span class=\"icon icon-play\"><\/span><\/span><\/a><\/div><div class=\"grid--item item-anim anim-fadeup grid-4 grid-tablet-6 grid-mobile-6\"><a href=\"https:\/\/www.youtube.com\/watch?v=RFMSoyfARlI\" class=\"video-sc anim--reveal permalink iframebox\"><img decoding=\"async\" class=\"videos--image\" src=\"https:\/\/stephanetetreault.com\/wp-content\/uploads\/2020\/09\/facebook_NewsFeed-440x300.jpg\" alt=\"Post image\"><h2 class=\"videos--title\">\u00c9pisode 9 &#8211; Marc Boucher<\/h2><span class=\"videos--play-layer\"><span class=\"icon icon-play\"><\/span><\/span><\/a><\/div><div class=\"grid--item item-anim anim-fadeup grid-4 grid-tablet-6 grid-mobile-6\"><a href=\"https:\/\/www.youtube.com\/watch?v=2YOo97FJeZo\" class=\"video-sc anim--reveal permalink iframebox\"><img decoding=\"async\" class=\"videos--image\" src=\"https:\/\/stephanetetreault.com\/wp-content\/uploads\/2020\/09\/facebook-440x300.jpg\" alt=\"Post image\"><h2 class=\"videos--title\">\u00c9pisode 8 &#8211; St\u00e9phane Laforest<\/h2><span class=\"videos--play-layer\"><span class=\"icon icon-play\"><\/span><\/span><\/a><\/div><div class=\"grid--item item-anim anim-fadeup grid-4 grid-tablet-6 grid-mobile-6\"><a href=\"https:\/\/www.youtube.com\/watch?v=Cb0MMqsdapc\" class=\"video-sc anim--reveal permalink iframebox\"><img decoding=\"async\" class=\"videos--image\" src=\"https:\/\/stephanetetreault.com\/wp-content\/uploads\/2020\/08\/Excerp-facebook-440x300.jpg\" alt=\"Post image\"><h2 class=\"videos--title\">Episode 7 &#8211; Jean-Guihen Queyras<\/h2><span class=\"videos--play-layer\"><span class=\"icon icon-play\"><\/span><\/span><\/a><\/div><div class=\"grid--item item-anim anim-fadeup grid-4 grid-tablet-6 grid-mobile-6\"><a href=\"https:\/\/www.youtube.com\/watch?v=qH85v9LwwGs\" class=\"video-sc anim--reveal permalink iframebox\"><img decoding=\"async\" class=\"videos--image\" src=\"https:\/\/stephanetetreault.com\/wp-content\/uploads\/2020\/08\/Melanie_Leonard_News_Feed-440x300.jpg\" alt=\"Post image\"><h2 class=\"videos--title\">\u00c9pisode 6 &#8211; M\u00e9lanie L\u00e9onard<\/h2><span class=\"videos--play-layer\"><span class=\"icon icon-play\"><\/span><\/span><\/a><\/div><div class=\"grid--item item-anim anim-fadeup grid-4 grid-tablet-6 grid-mobile-6\"><a href=\"https:\/\/www.youtube.com\/watch?v=JSRKECizY6U\" class=\"video-sc anim--reveal permalink iframebox\"><img decoding=\"async\" class=\"videos--image\" src=\"https:\/\/stephanetetreault.com\/wp-content\/uploads\/2020\/08\/Episode5-Timeline-440x300.jpg\" alt=\"Post image\"><h2 class=\"videos--title\">\u00c9pisode 5 &#8211; Marianne Fiset<\/h2><span class=\"videos--play-layer\"><span class=\"icon icon-play\"><\/span><\/span><\/a><\/div><div class=\"grid--item item-anim anim-fadeup grid-4 grid-tablet-6 grid-mobile-6\"><a href=\"https:\/\/www.youtube.com\/watch?v=BO7sz4qucPk\" class=\"video-sc anim--reveal permalink iframebox\"><img decoding=\"async\" class=\"videos--image\" src=\"https:\/\/stephanetetreault.com\/wp-content\/uploads\/2020\/08\/valerie_episode4-440x300.jpg\" alt=\"Post image\"><h2 class=\"videos--title\">\u00c9pisode 4 &#8211; Val\u00e9rie Milot<\/h2><span class=\"videos--play-layer\"><span class=\"icon icon-play\"><\/span><\/span><\/a><\/div><div class=\"grid--item item-anim anim-fadeup grid-4 grid-tablet-6 grid-mobile-6\"><a href=\"https:\/\/www.youtube.com\/watch?v=58GRMKczcSw\" class=\"video-sc anim--reveal permalink iframebox\"><img decoding=\"async\" class=\"videos--image\" src=\"https:\/\/stephanetetreault.com\/wp-content\/uploads\/2020\/07\/Marie-Eve-Scarfone-440x300.jpg\" alt=\"Post image\"><h2 class=\"videos--title\">\u00c9pisode 3 &#8211; Marie-\u00c8ve Scarfone<\/h2><span class=\"videos--play-layer\"><span class=\"icon icon-play\"><\/span><\/span><\/a><\/div><div class=\"grid--item item-anim anim-fadeup grid-4 grid-tablet-6 grid-mobile-6\"><a href=\"https:\/\/www.youtube.com\/watch?v=MyrwXq7oiU8\" class=\"video-sc anim--reveal permalink iframebox\"><img decoding=\"async\" class=\"videos--image\" src=\"https:\/\/stephanetetreault.com\/wp-content\/uploads\/2020\/07\/Alain-Trudel-440x300.jpg\" alt=\"Post image\"><h2 class=\"videos--title\">\u00c9pisode 2 &#8211; Alain Trudel<\/h2><span class=\"videos--play-layer\"><span class=\"icon icon-play\"><\/span><\/span><\/a><\/div><div class=\"grid--item item-anim anim-fadeup grid-4 grid-tablet-6 grid-mobile-6\"><a href=\"https:\/\/www.youtube.com\/watch?v=O718j4Qa-vM\" class=\"video-sc anim--reveal permalink iframebox\"><img decoding=\"async\" class=\"videos--image\" src=\"https:\/\/stephanetetreault.com\/wp-content\/uploads\/2020\/07\/Marie-Nicole-Lemieux-440x300.jpg\" alt=\"Post image\"><h2 class=\"videos--title\">\u00c9pisode 1 &#8211; Marie-Nicole Lemieux<\/h2><span class=\"videos--play-layer\"><span class=\"icon icon-play\"><\/span><\/span><\/a><\/div><\/div><\/div><div class=\"clear\"><\/div>[\/vc_column][\/vc_row][vc_row][vc_column][vc_custom_heading text=\u00a0\u00bbSurprises musicales\u00a0\u00bb font_container=\u00a0\u00bbtag:h2|font_size:36px|text_align:center\u00a0\u00bb use_theme_fonts=\u00a0\u00bbyes\u00a0\u00bb css=\u00a0\u00bb.vc_custom_1598356955061{margin-top: 0px !important;margin-bottom: 0px !important;padding-top: 60px !important;padding-bottom: 40px !important;}\u00a0\u00bb el_class=\u00a0\u00bbmain&#8211;heading\u00a0\u00bb]<div class=\"videos--wrap-sc  \"><div class=\"videos--grid grid-row mosaic--section \"><div class=\"grid--item item-anim anim-fadeup grid-4 grid-tablet-6 grid-mobile-6\"><a href=\"https:\/\/www.youtube.com\/watch?v=kY1bTXLrp9Y\" class=\"video-sc anim--reveal permalink iframebox\"><img decoding=\"async\" class=\"videos--image\" src=\"https:\/\/stephanetetreault.com\/wp-content\/uploads\/2021\/05\/Por-Una-Cabeza-440x300.jpg\" alt=\"Post image\"><h2 class=\"videos--title\">Carlos Gardel &#8211; Por Una Cabeza<\/h2><span class=\"videos--play-layer\"><span class=\"icon icon-play\"><\/span><\/span><\/a><\/div><div class=\"grid--item item-anim anim-fadeup grid-4 grid-tablet-6 grid-mobile-6\"><a href=\"https:\/\/www.youtube.com\/watch?v=zabBEpHnbzY\" class=\"video-sc anim--reveal permalink iframebox\"><img decoding=\"async\" class=\"videos--image\" src=\"https:\/\/stephanetetreault.com\/wp-content\/uploads\/2021\/05\/Patrick-Watson-440x300.jpg\" alt=\"Post image\"><h2 class=\"videos--title\">Patrick Watson &#8211; The Great Escape<\/h2><span class=\"videos--play-layer\"><span class=\"icon icon-play\"><\/span><\/span><\/a><\/div><div class=\"grid--item item-anim anim-fadeup grid-4 grid-tablet-6 grid-mobile-6\"><a href=\"https:\/\/www.youtube.com\/watch?v=40-L2uWUaAQ\" class=\"video-sc anim--reveal permalink iframebox\"><img decoding=\"async\" class=\"videos--image\" src=\"https:\/\/stephanetetreault.com\/wp-content\/uploads\/2021\/05\/Nimrod-440x300.jpg\" alt=\"Post image\"><h2 class=\"videos--title\">Edward Elgar &#8211; Nimrod<\/h2><span class=\"videos--play-layer\"><span class=\"icon icon-play\"><\/span><\/span><\/a><\/div><div class=\"grid--item item-anim anim-fadeup grid-4 grid-tablet-6 grid-mobile-6\"><a href=\"https:\/\/www.youtube.com\/watch?v=-GqS4NilqC4\" class=\"video-sc anim--reveal permalink iframebox\"><img decoding=\"async\" class=\"videos--image\" src=\"https:\/\/stephanetetreault.com\/wp-content\/uploads\/2020\/09\/Beethoven-440x300.jpg\" alt=\"Post image\"><h2 class=\"videos--title\">Beethoven &#8211; Duo pour deux lorgnons oblig\u00e9s WoO 32<\/h2><span class=\"videos--play-layer\"><span class=\"icon icon-play\"><\/span><\/span><\/a><\/div><div class=\"grid--item item-anim anim-fadeup grid-4 grid-tablet-6 grid-mobile-6\"><a href=\"https:\/\/www.youtube.com\/watch?v=8wRNXAOcW08\" class=\"video-sc anim--reveal permalink iframebox\"><img decoding=\"async\" class=\"videos--image\" src=\"https:\/\/stephanetetreault.com\/wp-content\/uploads\/2020\/09\/Thumbnail_Website-440x300.jpg\" alt=\"Post image\"><h2 class=\"videos--title\">J.S. BACH &#8211; Air sur la corde de sol<\/h2><span class=\"videos--play-layer\"><span class=\"icon icon-play\"><\/span><\/span><\/a><\/div><div class=\"grid--item item-anim anim-fadeup grid-4 grid-tablet-6 grid-mobile-6\"><a href=\"https:\/\/www.youtube.com\/watch?v=rfA5e8MjYRw\" class=\"video-sc anim--reveal permalink iframebox\"><img decoding=\"async\" class=\"videos--image\" src=\"https:\/\/stephanetetreault.com\/wp-content\/uploads\/2020\/08\/queen_music_surprise-440x300.jpg\" alt=\"Post image\"><h2 class=\"videos--title\">Queen &#8211; I Want to Break Free<\/h2><span class=\"videos--play-layer\"><span class=\"icon icon-play\"><\/span><\/span><\/a><\/div><div class=\"grid--item item-anim anim-fadeup grid-4 grid-tablet-6 grid-mobile-6\"><a href=\"https:\/\/www.youtube.com\/watch?v=B7QvzFBBca4\" class=\"video-sc anim--reveal permalink iframebox\"><img decoding=\"async\" class=\"videos--image\" src=\"https:\/\/stephanetetreault.com\/wp-content\/uploads\/2020\/08\/Summertime-440x300.jpg\" alt=\"Post image\"><h2 class=\"videos--title\">A little Summertime on this rainy day?<\/h2><span class=\"videos--play-layer\"><span class=\"icon icon-play\"><\/span><\/span><\/a><\/div><div class=\"grid--item item-anim anim-fadeup grid-4 grid-tablet-6 grid-mobile-6\"><a href=\"https:\/\/www.youtube.com\/watch?v=u7N6MItN0zQ\" class=\"video-sc anim--reveal permalink iframebox\"><img decoding=\"async\" class=\"videos--image\" src=\"https:\/\/stephanetetreault.com\/wp-content\/uploads\/2020\/08\/facebook_Happy-Birthday-440x300.jpg\" alt=\"Post image\"><h2 class=\"videos--title\">Bonne f\u00eate, cher Marie-\u00c8ve!<\/h2><span class=\"videos--play-layer\"><span class=\"icon icon-play\"><\/span><\/span><\/a><\/div><div class=\"grid--item item-anim anim-fadeup grid-4 grid-tablet-6 grid-mobile-6\"><a href=\"https:\/\/www.youtube.com\/watch?v=Eour7q8DjlM\" class=\"video-sc anim--reveal permalink iframebox\"><img decoding=\"async\" class=\"videos--image\" src=\"https:\/\/stephanetetreault.com\/wp-content\/uploads\/2020\/08\/waltz-Shostakovich-440x300.jpg\" alt=\"Post image\"><h2 class=\"videos--title\">Chostakovitch : Valse n \u00b0 2 de la Suite Jazz<\/h2><span class=\"videos--play-layer\"><span class=\"icon icon-play\"><\/span><\/span><\/a><\/div><\/div><\/div><div class=\"clear\"><\/div>[\/vc_column][\/vc_row]<\/p>\n<\/div>","protected":false},"excerpt":{"rendered":"[vc_row equal_height=\"yes\" content_placement=\"middle\" css=\".vc_custom_1598356574267{margin-bottom: 0px !important;padding-bottom: 80px !important;background-position: center !important;background-repeat: no-repeat !important;background-size: cover !important;}\"][vc_column width=\"1\/3\"][vc_single_image image=\"5725\" img_size=\"large\" alignment=\"center\"][\/vc_column][vc_column width=\"2\/3\"][vc_column_text] St\u00e9phane lance une nouvelle \u00e9mission intitul\u00e9e Culture d\u2019abord! Culture d\u2019abord! arrive \u00e0 un moment o\u00f9 nous avons besoin de parler de culture plus que jamais. Tous les dimanches, St\u00e9phane re\u00e7oit un(e) invit\u00e9(e) pour discuter de musique, [...]","protected":false},"author":3,"featured_media":5722,"parent":0,"menu_order":0,"comment_status":"closed","ping_status":"closed","template":"","meta":{"inline_featured_image":false,"footnotes":""},"class_list":["post-5720","page","type-page","status-publish","has-post-thumbnail","hentry"],"yoast_head":"<!-- This site is optimized with the Yoast SEO plugin v27.4 - https:\/\/yoast.com\/product\/yoast-seo-wordpress\/ -->\n<title>Culture d&#039;abord! - St\u00e9phane T\u00e9treault violoncelliste<\/title>\n<meta name=\"description\" content=\"Culture d\u2019abord! arrive \u00e0 un moment o\u00f9 nous avons besoin de parler de culture plus que jamais. Tous les dimanches, St\u00e9phane re\u00e7oit un(e) invit\u00e9(e) pour discuter de musique, de culture et pour faire un portrait de l\u2019artiste, dans un cadre qui se veut ouvert, stimulant et d\u00e9contract\u00e9.\" \/>\n<meta name=\"robots\" content=\"index, follow, max-snippet:-1, max-image-preview:large, max-video-preview:-1\" \/>\n<link rel=\"canonical\" href=\"https:\/\/stephanetetreault.com\/fr\/culture-dabord\/\" \/>\n<meta property=\"og:locale\" content=\"fr_FR\" \/>\n<meta property=\"og:type\" content=\"article\" \/>\n<meta property=\"og:title\" content=\"Culture d&#039;abord! - St\u00e9phane T\u00e9treault violoncelliste\" \/>\n<meta property=\"og:description\" content=\"Culture d\u2019abord! arrive \u00e0 un moment o\u00f9 nous avons besoin de parler de culture plus que jamais. Tous les dimanches, St\u00e9phane re\u00e7oit un(e) invit\u00e9(e) pour discuter de musique, de culture et pour faire un portrait de l\u2019artiste, dans un cadre qui se veut ouvert, stimulant et d\u00e9contract\u00e9.\" \/>\n<meta property=\"og:url\" content=\"https:\/\/stephanetetreault.com\/fr\/culture-dabord\/\" \/>\n<meta property=\"og:site_name\" content=\"St\u00e9phane T\u00e9treault violoncelliste\" \/>\n<meta property=\"article:publisher\" content=\"https:\/\/www.facebook.com\/stephanecello\" \/>\n<meta property=\"article:modified_time\" content=\"2025-06-20T16:50:31+00:00\" \/>\n<meta property=\"og:image\" content=\"https:\/\/stephanetetreault.com\/wp-content\/uploads\/2020\/07\/Logo-V4-V2.jpg\" \/>\n\t<meta property=\"og:image:width\" content=\"1280\" \/>\n\t<meta property=\"og:image:height\" content=\"720\" \/>\n\t<meta property=\"og:image:type\" content=\"image\/jpeg\" \/>\n<meta name=\"twitter:card\" content=\"summary_large_image\" \/>\n<meta name=\"twitter:site\" content=\"@stephanecello\" \/>\n<meta name=\"twitter:label1\" content=\"Dur\u00e9e de lecture estim\u00e9e\" \/>\n\t<meta name=\"twitter:data1\" content=\"2 minutes\" \/>\n<script type=\"application\/ld+json\" class=\"yoast-schema-graph\">{\"@context\":\"https:\\\/\\\/schema.org\",\"@graph\":[{\"@type\":\"WebPage\",\"@id\":\"https:\\\/\\\/stephanetetreault.com\\\/fr\\\/culture-dabord\\\/\",\"url\":\"https:\\\/\\\/stephanetetreault.com\\\/fr\\\/culture-dabord\\\/\",\"name\":\"Culture d'abord! - St\u00e9phane T\u00e9treault violoncelliste\",\"isPartOf\":{\"@id\":\"https:\\\/\\\/stephanetetreault.com\\\/fr\\\/#website\"},\"primaryImageOfPage\":{\"@id\":\"https:\\\/\\\/stephanetetreault.com\\\/fr\\\/culture-dabord\\\/#primaryimage\"},\"image\":{\"@id\":\"https:\\\/\\\/stephanetetreault.com\\\/fr\\\/culture-dabord\\\/#primaryimage\"},\"thumbnailUrl\":\"https:\\\/\\\/stephanetetreault.com\\\/wp-content\\\/uploads\\\/2020\\\/07\\\/Logo-V4-V2.jpg\",\"datePublished\":\"2020-07-12T00:04:43+00:00\",\"dateModified\":\"2025-06-20T16:50:31+00:00\",\"description\":\"Culture d\u2019abord! arrive \u00e0 un moment o\u00f9 nous avons besoin de parler de culture plus que jamais. Tous les dimanches, St\u00e9phane re\u00e7oit un(e) invit\u00e9(e) pour discuter de musique, de culture et pour faire un portrait de l\u2019artiste, dans un cadre qui se veut ouvert, stimulant et d\u00e9contract\u00e9.\",\"breadcrumb\":{\"@id\":\"https:\\\/\\\/stephanetetreault.com\\\/fr\\\/culture-dabord\\\/#breadcrumb\"},\"inLanguage\":\"fr-FR\",\"potentialAction\":[{\"@type\":\"ReadAction\",\"target\":[\"https:\\\/\\\/stephanetetreault.com\\\/fr\\\/culture-dabord\\\/\"]}]},{\"@type\":\"ImageObject\",\"inLanguage\":\"fr-FR\",\"@id\":\"https:\\\/\\\/stephanetetreault.com\\\/fr\\\/culture-dabord\\\/#primaryimage\",\"url\":\"https:\\\/\\\/stephanetetreault.com\\\/wp-content\\\/uploads\\\/2020\\\/07\\\/Logo-V4-V2.jpg\",\"contentUrl\":\"https:\\\/\\\/stephanetetreault.com\\\/wp-content\\\/uploads\\\/2020\\\/07\\\/Logo-V4-V2.jpg\",\"width\":1280,\"height\":720,\"caption\":\"Culture d'abord\"},{\"@type\":\"BreadcrumbList\",\"@id\":\"https:\\\/\\\/stephanetetreault.com\\\/fr\\\/culture-dabord\\\/#breadcrumb\",\"itemListElement\":[{\"@type\":\"ListItem\",\"position\":1,\"name\":\"Home\",\"item\":\"https:\\\/\\\/stephanetetreault.com\\\/fr\\\/\"},{\"@type\":\"ListItem\",\"position\":2,\"name\":\"Culture d&#8217;abord!\"}]},{\"@type\":\"WebSite\",\"@id\":\"https:\\\/\\\/stephanetetreault.com\\\/fr\\\/#website\",\"url\":\"https:\\\/\\\/stephanetetreault.com\\\/fr\\\/\",\"name\":\"St\u00e9phane T\u00e9treault violoncelliste\",\"description\":\"Violoncelliste canadien St\u00e9phane T\u00e9treault\",\"publisher\":{\"@id\":\"https:\\\/\\\/stephanetetreault.com\\\/fr\\\/#organization\"},\"potentialAction\":[{\"@type\":\"SearchAction\",\"target\":{\"@type\":\"EntryPoint\",\"urlTemplate\":\"https:\\\/\\\/stephanetetreault.com\\\/fr\\\/?s={search_term_string}\"},\"query-input\":{\"@type\":\"PropertyValueSpecification\",\"valueRequired\":true,\"valueName\":\"search_term_string\"}}],\"inLanguage\":\"fr-FR\"},{\"@type\":\"Organization\",\"@id\":\"https:\\\/\\\/stephanetetreault.com\\\/fr\\\/#organization\",\"name\":\"Stephane Tetreault\",\"url\":\"https:\\\/\\\/stephanetetreault.com\\\/fr\\\/\",\"logo\":{\"@type\":\"ImageObject\",\"inLanguage\":\"fr-FR\",\"@id\":\"https:\\\/\\\/stephanetetreault.com\\\/fr\\\/#\\\/schema\\\/logo\\\/image\\\/\",\"url\":\"https:\\\/\\\/stephanetetreault.com\\\/wp-content\\\/uploads\\\/2017\\\/06\\\/cropped-favicon_2.png\",\"contentUrl\":\"https:\\\/\\\/stephanetetreault.com\\\/wp-content\\\/uploads\\\/2017\\\/06\\\/cropped-favicon_2.png\",\"width\":512,\"height\":512,\"caption\":\"Stephane Tetreault\"},\"image\":{\"@id\":\"https:\\\/\\\/stephanetetreault.com\\\/fr\\\/#\\\/schema\\\/logo\\\/image\\\/\"},\"sameAs\":[\"https:\\\/\\\/www.facebook.com\\\/stephanecello\",\"https:\\\/\\\/x.com\\\/stephanecello\",\"https:\\\/\\\/www.instagram.com\\\/stephanecello\",\"https:\\\/\\\/www.youtube.com\\\/user\\\/CapriccioMusic\\\/\"]}]}<\/script>\n<!-- \/ Yoast SEO plugin. -->","yoast_head_json":{"title":"Culture d'abord! - St\u00e9phane T\u00e9treault violoncelliste","description":"Culture d\u2019abord! arrive \u00e0 un moment o\u00f9 nous avons besoin de parler de culture plus que jamais. Tous les dimanches, St\u00e9phane re\u00e7oit un(e) invit\u00e9(e) pour discuter de musique, de culture et pour faire un portrait de l\u2019artiste, dans un cadre qui se veut ouvert, stimulant et d\u00e9contract\u00e9.","robots":{"index":"index","follow":"follow","max-snippet":"max-snippet:-1","max-image-preview":"max-image-preview:large","max-video-preview":"max-video-preview:-1"},"canonical":"https:\/\/stephanetetreault.com\/fr\/culture-dabord\/","og_locale":"fr_FR","og_type":"article","og_title":"Culture d'abord! - St\u00e9phane T\u00e9treault violoncelliste","og_description":"Culture d\u2019abord! arrive \u00e0 un moment o\u00f9 nous avons besoin de parler de culture plus que jamais. Tous les dimanches, St\u00e9phane re\u00e7oit un(e) invit\u00e9(e) pour discuter de musique, de culture et pour faire un portrait de l\u2019artiste, dans un cadre qui se veut ouvert, stimulant et d\u00e9contract\u00e9.","og_url":"https:\/\/stephanetetreault.com\/fr\/culture-dabord\/","og_site_name":"St\u00e9phane T\u00e9treault violoncelliste","article_publisher":"https:\/\/www.facebook.com\/stephanecello","article_modified_time":"2025-06-20T16:50:31+00:00","og_image":[{"width":1280,"height":720,"url":"https:\/\/stephanetetreault.com\/wp-content\/uploads\/2020\/07\/Logo-V4-V2.jpg","type":"image\/jpeg"}],"twitter_card":"summary_large_image","twitter_site":"@stephanecello","twitter_misc":{"Dur\u00e9e de lecture estim\u00e9e":"2 minutes"},"schema":{"@context":"https:\/\/schema.org","@graph":[{"@type":"WebPage","@id":"https:\/\/stephanetetreault.com\/fr\/culture-dabord\/","url":"https:\/\/stephanetetreault.com\/fr\/culture-dabord\/","name":"Culture d'abord! - St\u00e9phane T\u00e9treault violoncelliste","isPartOf":{"@id":"https:\/\/stephanetetreault.com\/fr\/#website"},"primaryImageOfPage":{"@id":"https:\/\/stephanetetreault.com\/fr\/culture-dabord\/#primaryimage"},"image":{"@id":"https:\/\/stephanetetreault.com\/fr\/culture-dabord\/#primaryimage"},"thumbnailUrl":"https:\/\/stephanetetreault.com\/wp-content\/uploads\/2020\/07\/Logo-V4-V2.jpg","datePublished":"2020-07-12T00:04:43+00:00","dateModified":"2025-06-20T16:50:31+00:00","description":"Culture d\u2019abord! arrive \u00e0 un moment o\u00f9 nous avons besoin de parler de culture plus que jamais. Tous les dimanches, St\u00e9phane re\u00e7oit un(e) invit\u00e9(e) pour discuter de musique, de culture et pour faire un portrait de l\u2019artiste, dans un cadre qui se veut ouvert, stimulant et d\u00e9contract\u00e9.","breadcrumb":{"@id":"https:\/\/stephanetetreault.com\/fr\/culture-dabord\/#breadcrumb"},"inLanguage":"fr-FR","potentialAction":[{"@type":"ReadAction","target":["https:\/\/stephanetetreault.com\/fr\/culture-dabord\/"]}]},{"@type":"ImageObject","inLanguage":"fr-FR","@id":"https:\/\/stephanetetreault.com\/fr\/culture-dabord\/#primaryimage","url":"https:\/\/stephanetetreault.com\/wp-content\/uploads\/2020\/07\/Logo-V4-V2.jpg","contentUrl":"https:\/\/stephanetetreault.com\/wp-content\/uploads\/2020\/07\/Logo-V4-V2.jpg","width":1280,"height":720,"caption":"Culture d'abord"},{"@type":"BreadcrumbList","@id":"https:\/\/stephanetetreault.com\/fr\/culture-dabord\/#breadcrumb","itemListElement":[{"@type":"ListItem","position":1,"name":"Home","item":"https:\/\/stephanetetreault.com\/fr\/"},{"@type":"ListItem","position":2,"name":"Culture d&#8217;abord!"}]},{"@type":"WebSite","@id":"https:\/\/stephanetetreault.com\/fr\/#website","url":"https:\/\/stephanetetreault.com\/fr\/","name":"St\u00e9phane T\u00e9treault violoncelliste","description":"Violoncelliste canadien St\u00e9phane T\u00e9treault","publisher":{"@id":"https:\/\/stephanetetreault.com\/fr\/#organization"},"potentialAction":[{"@type":"SearchAction","target":{"@type":"EntryPoint","urlTemplate":"https:\/\/stephanetetreault.com\/fr\/?s={search_term_string}"},"query-input":{"@type":"PropertyValueSpecification","valueRequired":true,"valueName":"search_term_string"}}],"inLanguage":"fr-FR"},{"@type":"Organization","@id":"https:\/\/stephanetetreault.com\/fr\/#organization","name":"Stephane Tetreault","url":"https:\/\/stephanetetreault.com\/fr\/","logo":{"@type":"ImageObject","inLanguage":"fr-FR","@id":"https:\/\/stephanetetreault.com\/fr\/#\/schema\/logo\/image\/","url":"https:\/\/stephanetetreault.com\/wp-content\/uploads\/2017\/06\/cropped-favicon_2.png","contentUrl":"https:\/\/stephanetetreault.com\/wp-content\/uploads\/2017\/06\/cropped-favicon_2.png","width":512,"height":512,"caption":"Stephane Tetreault"},"image":{"@id":"https:\/\/stephanetetreault.com\/fr\/#\/schema\/logo\/image\/"},"sameAs":["https:\/\/www.facebook.com\/stephanecello","https:\/\/x.com\/stephanecello","https:\/\/www.instagram.com\/stephanecello","https:\/\/www.youtube.com\/user\/CapriccioMusic\/"]}]}},"_links":{"self":[{"href":"https:\/\/stephanetetreault.com\/fr\/wp-json\/wp\/v2\/pages\/5720","targetHints":{"allow":["GET"]}}],"collection":[{"href":"https:\/\/stephanetetreault.com\/fr\/wp-json\/wp\/v2\/pages"}],"about":[{"href":"https:\/\/stephanetetreault.com\/fr\/wp-json\/wp\/v2\/types\/page"}],"author":[{"embeddable":true,"href":"https:\/\/stephanetetreault.com\/fr\/wp-json\/wp\/v2\/users\/3"}],"replies":[{"embeddable":true,"href":"https:\/\/stephanetetreault.com\/fr\/wp-json\/wp\/v2\/comments?post=5720"}],"version-history":[{"count":58,"href":"https:\/\/stephanetetreault.com\/fr\/wp-json\/wp\/v2\/pages\/5720\/revisions"}],"predecessor-version":[{"id":8747,"href":"https:\/\/stephanetetreault.com\/fr\/wp-json\/wp\/v2\/pages\/5720\/revisions\/8747"}],"wp:featuredmedia":[{"embeddable":true,"href":"https:\/\/stephanetetreault.com\/fr\/wp-json\/wp\/v2\/media\/5722"}],"wp:attachment":[{"href":"https:\/\/stephanetetreault.com\/fr\/wp-json\/wp\/v2\/media?parent=5720"}],"curies":[{"name":"wp","href":"https:\/\/api.w.org\/{rel}","templated":true}]}}