{"id":767,"date":"2016-11-03T20:41:50","date_gmt":"2016-11-03T20:41:50","guid":{"rendered":"http:\/\/arrierescene.com\/biography\/?lang=fr"},"modified":"2025-05-13T03:08:38","modified_gmt":"2025-05-13T03:08:38","slug":"biographie","status":"publish","type":"page","link":"https:\/\/stephanetetreault.com\/fr\/biographie\/","title":{"rendered":"Biographie"},"content":{"rendered":"<div class=\"wpb-content-wrapper\"><p>[vc_row full_width=\u00a0\u00bbstretch_row\u00a0\u00bb css=\u00a0\u00bb.vc_custom_1497193036752{padding-top: 100px !important;padding-bottom: 50px !important;}\u00a0\u00bb][vc_column][vc_column_text css=\u00a0\u00bb\u00a0\u00bb]D\u00e9tenteur d\u2019innombrables prix et distinctions, St\u00e9phane T\u00e9treault est le r\u00e9cipiendaire du Prix Virginia-Parker 2019 du Conseil des arts du Canada. Il est \u00e9galement laur\u00e9at du Prix Opus 2022 pour \u00ab Interpr\u00e8te de l\u2019ann\u00e9e \u00bb, d\u00e9cern\u00e9 par le Conseil qu\u00e9b\u00e9cois de la musique et accompagn\u00e9 d\u2019une bourse du Conseil des arts du Canada. En 2018, il a re\u00e7u le \u00ab Maureen Forrester Next Generation Award \u00bb du Festival Stratford Summer Music en reconnaissance de sa sensibilit\u00e9, de la ma\u00eetrise de son instrument et de ses grandes qualit\u00e9s de communicateur.<\/p>\n<p>Nomm\u00e9 premier soliste en r\u00e9sidence de l\u2019Orchestre M\u00e9tropolitain, St\u00e9phane s\u2019est produit entre autres avec Yannick N\u00e9zet-S\u00e9guin lors de la saison 2014\u20132015. En 2016, il fait ses d\u00e9buts avec l\u2019Orchestre de Philadelphie sous la direction de Maestro N\u00e9zet-S\u00e9guin, et il se produit au prestigieux Gstaad Menuhin Festival, en Suisse. Au cours de la saison 2017\u20132018, il prend part \u00e0 la premi\u00e8re tourn\u00e9e europ\u00e9enne de l\u2019Orchestre M\u00e9tropolitain avec Maestro N\u00e9zet-S\u00e9guin, interpr\u00e9tant le <em>Concerto pour violoncelle<\/em> d\u2019Elgar \u00e0 la K\u00f6lner Philharmonie (Cologne), au Concertgebouw (Amsterdam) et \u00e0 la Philharmonie de Paris. Il fait \u00e9galement ses d\u00e9buts avec le London Philharmonic Orchestra sous la direction de John Storg\u00e5rds.<\/p>\n<p>St\u00e9phane a partag\u00e9 la sc\u00e8ne avec le c\u00e9l\u00e8bre violoniste et chef d\u2019orchestre Maxim Vengerov, les pianistes Alexandre Tharaud, Jan Lisiecki, Louis Lortie, Roger Vignoles, Marc-Andr\u00e9 Hamelin et John Lenehan, ainsi qu\u2019avec les chefs Michael Tilson Thomas, Paul McCreesh, John Storg\u00e5rds, Rune Bergmann, Kensho Watanabe, Tung-Chieh Chuang et bien d\u2019autres. Il a \u00e9galement particip\u00e9 \u00e0 de nombreuses classes de ma\u00eetre, notamment avec les violoncellistes Gautier Capu\u00e7on et Frans Helmerson.<\/p>\n<p>Son premier album sous \u00e9tiquette Analekta, enregistr\u00e9 avec l\u2019Orchestre symphonique de Qu\u00e9bec sous la direction de Fabien Gabel, a \u00e9t\u00e9 salu\u00e9 par le prestigieux magazine <em>Gramophone<\/em>, qui lui a d\u00e9cern\u00e9 la mention \u00ab Editor\u2019s Choice \u00bb en mars 2013. En 2015, il signe un deuxi\u00e8me album regroupant des \u0153uvres de Haydn, Schubert et Brahms avec la pianiste Marie-\u00c8ve Scarfone, qui figure parmi les meilleurs enregistrements de l\u2019ann\u00e9e selon la s\u00e9lection \u00ab Critic\u2019s Choice 2016 \u00bb du m\u00eame magazine. En 2017, il se joint \u00e0 la harpiste Val\u00e9rie Milot et au violoniste Antoine Bareil pour produire un enregistrement consacr\u00e9 aux trios pour violon, violoncelle et harpe. Ces trois albums ont tous \u00e9t\u00e9 en nomination au Gala de l\u2019ADISQ.<\/p>\n<p>En 2022, il lance <em>Transfiguration<\/em>, une nouvelle collaboration avec Val\u00e9rie Milot, regroupant des \u0153uvres de Marjan Mozetich, Caroline Lizotte, Alexandre Grogg, Kelly-Marie Murphy et Fran\u00e7ois Valli\u00e8res. Cet album a \u00e9t\u00e9 nomm\u00e9 \u00e0 l\u2019ADISQ dans la cat\u00e9gorie Album classique de l\u2019ann\u00e9e (2023) et a remport\u00e9 le Prix Opus de l\u2019Album de l\u2019ann\u00e9e, d\u00e9cern\u00e9 par le Conseil qu\u00e9b\u00e9cois de la musique. Au cours des ann\u00e9es suivantes, il publie deux albums dans le cadre du projet <em>Claude Debussy : Images oubli\u00e9es<\/em>, avec le pianiste Olivier H\u00e9bert-Bouchard. Ce projet, qui explore l\u2019univers de Debussy \u00e0 travers des transcriptions originales pour violoncelle et piano, a \u00e9t\u00e9 nomm\u00e9 aux Prix Opus de l\u2019Album de l\u2019ann\u00e9e et du Concert de l\u2019ann\u00e9e en 2024.<\/p>\n<p>Depuis plus de huit ans, il collabore \u00e9troitement avec le bandon\u00e9oniste et compositeur Denis Plante, avec qui il signe les albums <em>Suite Tango<\/em> (2021) et <em>Stradivatango<\/em> (2024) \u2014 une rencontre vibrante entre tango argentin et violoncelle, port\u00e9e par une complicit\u00e9 musicale rare et chaleureusement salu\u00e9e par la critique au Canada comme \u00e0 l\u2019international.<\/p>\n<p>St\u00e9phane a \u00e9tudi\u00e9 pendant plus de dix ans sous la tutelle du regrett\u00e9 violoncelliste et chef d\u2019orchestre Yuli Turovsky. Il est titulaire d\u2019une ma\u00eetrise en interpr\u00e9tation \u00e0 l\u2019Universit\u00e9 de Montr\u00e9al.<\/p>\n<p>Il joue sur le violoncelle Stradivarius \u00ab\u202fCountess of Stainlein, Ex-Paganini\u202f\u00bb de 1707, qui lui est g\u00e9n\u00e9reusement pr\u00eat\u00e9 par Madame Sophie Desmarais.<\/p>\n<p>\u00a9 Suzanne Boyer \/ St\u00e9phane T\u00e9treault[\/vc_column_text][\/vc_column][\/vc_row]<\/p>\n<\/div>","protected":false},"excerpt":{"rendered":"<p>[vc_row full_width=\u00a0\u00bbstretch_row\u00a0\u00bb css=\u00a0\u00bb.vc_custom_1497193036752{padding-top: 100px !important;padding-bottom: 50px !important;}\u00a0\u00bb][vc_column][vc_column_text css=\u00a0\u00bb\u00a0\u00bb]D\u00e9tenteur d\u2019innombrables prix et distinctions, St\u00e9phane T\u00e9treault est le r\u00e9cipiendaire du Prix Virginia-Parker 2019 du Conseil des arts du Canada. Il est \u00e9galement laur\u00e9at du Prix Opus 2022 pour \u00ab Interpr\u00e8te de l\u2019ann\u00e9e \u00bb, d\u00e9cern\u00e9 par le Conseil qu\u00e9b\u00e9cois de la musique et accompagn\u00e9 d\u2019une bourse du Conseil [&#8230;]<\/p>\n","protected":false},"author":3,"featured_media":0,"parent":0,"menu_order":0,"comment_status":"closed","ping_status":"closed","template":"","meta":{"inline_featured_image":false,"footnotes":""},"class_list":["post-767","page","type-page","status-publish","hentry"],"yoast_head":"<!-- This site is optimized with the Yoast SEO plugin v27.4 - https:\/\/yoast.com\/product\/yoast-seo-wordpress\/ -->\n<title>Biographie - St\u00e9phane T\u00e9treault violoncelliste<\/title>\n<meta name=\"description\" content=\"D\u00e9tenteur d\u2019innombrables prix et distinctions, St\u00e9phane T\u00e9treault est le r\u00e9cipiendaire du Prix Virginia-Parker 2019 du Conseil des arts du Canada. Il est\" \/>\n<meta name=\"robots\" content=\"index, follow, max-snippet:-1, max-image-preview:large, max-video-preview:-1\" \/>\n<link rel=\"canonical\" href=\"https:\/\/stephanetetreault.com\/fr\/biographie\/\" \/>\n<meta property=\"og:locale\" content=\"fr_FR\" \/>\n<meta property=\"og:type\" content=\"article\" \/>\n<meta property=\"og:title\" content=\"Biographie - St\u00e9phane T\u00e9treault violoncelliste\" \/>\n<meta property=\"og:description\" content=\"D\u00e9tenteur d\u2019innombrables prix et distinctions, St\u00e9phane T\u00e9treault est le r\u00e9cipiendaire du Prix Virginia-Parker 2019 du Conseil des arts du Canada. Il est\" \/>\n<meta property=\"og:url\" content=\"https:\/\/stephanetetreault.com\/fr\/biographie\/\" \/>\n<meta property=\"og:site_name\" content=\"St\u00e9phane T\u00e9treault violoncelliste\" \/>\n<meta property=\"article:publisher\" content=\"https:\/\/www.facebook.com\/stephanecello\" \/>\n<meta property=\"article:modified_time\" content=\"2025-05-13T03:08:38+00:00\" \/>\n<meta name=\"twitter:card\" content=\"summary_large_image\" \/>\n<meta name=\"twitter:site\" content=\"@stephanecello\" \/>\n<meta name=\"twitter:label1\" content=\"Dur\u00e9e de lecture estim\u00e9e\" \/>\n\t<meta name=\"twitter:data1\" content=\"3 minutes\" \/>\n<script type=\"application\/ld+json\" class=\"yoast-schema-graph\">{\"@context\":\"https:\\\/\\\/schema.org\",\"@graph\":[{\"@type\":\"WebPage\",\"@id\":\"https:\\\/\\\/stephanetetreault.com\\\/fr\\\/biographie\\\/\",\"url\":\"https:\\\/\\\/stephanetetreault.com\\\/fr\\\/biographie\\\/\",\"name\":\"Biographie - St\u00e9phane T\u00e9treault violoncelliste\",\"isPartOf\":{\"@id\":\"https:\\\/\\\/stephanetetreault.com\\\/fr\\\/#website\"},\"datePublished\":\"2016-11-03T20:41:50+00:00\",\"dateModified\":\"2025-05-13T03:08:38+00:00\",\"description\":\"D\u00e9tenteur d\u2019innombrables prix et distinctions, St\u00e9phane T\u00e9treault est le r\u00e9cipiendaire du Prix Virginia-Parker 2019 du Conseil des arts du Canada. Il est\",\"breadcrumb\":{\"@id\":\"https:\\\/\\\/stephanetetreault.com\\\/fr\\\/biographie\\\/#breadcrumb\"},\"inLanguage\":\"fr-FR\",\"potentialAction\":[{\"@type\":\"ReadAction\",\"target\":[\"https:\\\/\\\/stephanetetreault.com\\\/fr\\\/biographie\\\/\"]}]},{\"@type\":\"BreadcrumbList\",\"@id\":\"https:\\\/\\\/stephanetetreault.com\\\/fr\\\/biographie\\\/#breadcrumb\",\"itemListElement\":[{\"@type\":\"ListItem\",\"position\":1,\"name\":\"Home\",\"item\":\"https:\\\/\\\/stephanetetreault.com\\\/fr\\\/\"},{\"@type\":\"ListItem\",\"position\":2,\"name\":\"Biographie\"}]},{\"@type\":\"WebSite\",\"@id\":\"https:\\\/\\\/stephanetetreault.com\\\/fr\\\/#website\",\"url\":\"https:\\\/\\\/stephanetetreault.com\\\/fr\\\/\",\"name\":\"St\u00e9phane T\u00e9treault violoncelliste\",\"description\":\"Violoncelliste canadien St\u00e9phane T\u00e9treault\",\"publisher\":{\"@id\":\"https:\\\/\\\/stephanetetreault.com\\\/fr\\\/#organization\"},\"potentialAction\":[{\"@type\":\"SearchAction\",\"target\":{\"@type\":\"EntryPoint\",\"urlTemplate\":\"https:\\\/\\\/stephanetetreault.com\\\/fr\\\/?s={search_term_string}\"},\"query-input\":{\"@type\":\"PropertyValueSpecification\",\"valueRequired\":true,\"valueName\":\"search_term_string\"}}],\"inLanguage\":\"fr-FR\"},{\"@type\":\"Organization\",\"@id\":\"https:\\\/\\\/stephanetetreault.com\\\/fr\\\/#organization\",\"name\":\"Stephane Tetreault\",\"url\":\"https:\\\/\\\/stephanetetreault.com\\\/fr\\\/\",\"logo\":{\"@type\":\"ImageObject\",\"inLanguage\":\"fr-FR\",\"@id\":\"https:\\\/\\\/stephanetetreault.com\\\/fr\\\/#\\\/schema\\\/logo\\\/image\\\/\",\"url\":\"https:\\\/\\\/stephanetetreault.com\\\/wp-content\\\/uploads\\\/2017\\\/06\\\/cropped-favicon_2.png\",\"contentUrl\":\"https:\\\/\\\/stephanetetreault.com\\\/wp-content\\\/uploads\\\/2017\\\/06\\\/cropped-favicon_2.png\",\"width\":512,\"height\":512,\"caption\":\"Stephane Tetreault\"},\"image\":{\"@id\":\"https:\\\/\\\/stephanetetreault.com\\\/fr\\\/#\\\/schema\\\/logo\\\/image\\\/\"},\"sameAs\":[\"https:\\\/\\\/www.facebook.com\\\/stephanecello\",\"https:\\\/\\\/x.com\\\/stephanecello\",\"https:\\\/\\\/www.instagram.com\\\/stephanecello\",\"https:\\\/\\\/www.youtube.com\\\/user\\\/CapriccioMusic\\\/\"]}]}<\/script>\n<!-- \/ Yoast SEO plugin. -->","yoast_head_json":{"title":"Biographie - St\u00e9phane T\u00e9treault violoncelliste","description":"D\u00e9tenteur d\u2019innombrables prix et distinctions, St\u00e9phane T\u00e9treault est le r\u00e9cipiendaire du Prix Virginia-Parker 2019 du Conseil des arts du Canada. Il est","robots":{"index":"index","follow":"follow","max-snippet":"max-snippet:-1","max-image-preview":"max-image-preview:large","max-video-preview":"max-video-preview:-1"},"canonical":"https:\/\/stephanetetreault.com\/fr\/biographie\/","og_locale":"fr_FR","og_type":"article","og_title":"Biographie - St\u00e9phane T\u00e9treault violoncelliste","og_description":"D\u00e9tenteur d\u2019innombrables prix et distinctions, St\u00e9phane T\u00e9treault est le r\u00e9cipiendaire du Prix Virginia-Parker 2019 du Conseil des arts du Canada. Il est","og_url":"https:\/\/stephanetetreault.com\/fr\/biographie\/","og_site_name":"St\u00e9phane T\u00e9treault violoncelliste","article_publisher":"https:\/\/www.facebook.com\/stephanecello","article_modified_time":"2025-05-13T03:08:38+00:00","twitter_card":"summary_large_image","twitter_site":"@stephanecello","twitter_misc":{"Dur\u00e9e de lecture estim\u00e9e":"3 minutes"},"schema":{"@context":"https:\/\/schema.org","@graph":[{"@type":"WebPage","@id":"https:\/\/stephanetetreault.com\/fr\/biographie\/","url":"https:\/\/stephanetetreault.com\/fr\/biographie\/","name":"Biographie - St\u00e9phane T\u00e9treault violoncelliste","isPartOf":{"@id":"https:\/\/stephanetetreault.com\/fr\/#website"},"datePublished":"2016-11-03T20:41:50+00:00","dateModified":"2025-05-13T03:08:38+00:00","description":"D\u00e9tenteur d\u2019innombrables prix et distinctions, St\u00e9phane T\u00e9treault est le r\u00e9cipiendaire du Prix Virginia-Parker 2019 du Conseil des arts du Canada. Il est","breadcrumb":{"@id":"https:\/\/stephanetetreault.com\/fr\/biographie\/#breadcrumb"},"inLanguage":"fr-FR","potentialAction":[{"@type":"ReadAction","target":["https:\/\/stephanetetreault.com\/fr\/biographie\/"]}]},{"@type":"BreadcrumbList","@id":"https:\/\/stephanetetreault.com\/fr\/biographie\/#breadcrumb","itemListElement":[{"@type":"ListItem","position":1,"name":"Home","item":"https:\/\/stephanetetreault.com\/fr\/"},{"@type":"ListItem","position":2,"name":"Biographie"}]},{"@type":"WebSite","@id":"https:\/\/stephanetetreault.com\/fr\/#website","url":"https:\/\/stephanetetreault.com\/fr\/","name":"St\u00e9phane T\u00e9treault violoncelliste","description":"Violoncelliste canadien St\u00e9phane T\u00e9treault","publisher":{"@id":"https:\/\/stephanetetreault.com\/fr\/#organization"},"potentialAction":[{"@type":"SearchAction","target":{"@type":"EntryPoint","urlTemplate":"https:\/\/stephanetetreault.com\/fr\/?s={search_term_string}"},"query-input":{"@type":"PropertyValueSpecification","valueRequired":true,"valueName":"search_term_string"}}],"inLanguage":"fr-FR"},{"@type":"Organization","@id":"https:\/\/stephanetetreault.com\/fr\/#organization","name":"Stephane Tetreault","url":"https:\/\/stephanetetreault.com\/fr\/","logo":{"@type":"ImageObject","inLanguage":"fr-FR","@id":"https:\/\/stephanetetreault.com\/fr\/#\/schema\/logo\/image\/","url":"https:\/\/stephanetetreault.com\/wp-content\/uploads\/2017\/06\/cropped-favicon_2.png","contentUrl":"https:\/\/stephanetetreault.com\/wp-content\/uploads\/2017\/06\/cropped-favicon_2.png","width":512,"height":512,"caption":"Stephane Tetreault"},"image":{"@id":"https:\/\/stephanetetreault.com\/fr\/#\/schema\/logo\/image\/"},"sameAs":["https:\/\/www.facebook.com\/stephanecello","https:\/\/x.com\/stephanecello","https:\/\/www.instagram.com\/stephanecello","https:\/\/www.youtube.com\/user\/CapriccioMusic\/"]}]}},"_links":{"self":[{"href":"https:\/\/stephanetetreault.com\/fr\/wp-json\/wp\/v2\/pages\/767","targetHints":{"allow":["GET"]}}],"collection":[{"href":"https:\/\/stephanetetreault.com\/fr\/wp-json\/wp\/v2\/pages"}],"about":[{"href":"https:\/\/stephanetetreault.com\/fr\/wp-json\/wp\/v2\/types\/page"}],"author":[{"embeddable":true,"href":"https:\/\/stephanetetreault.com\/fr\/wp-json\/wp\/v2\/users\/3"}],"replies":[{"embeddable":true,"href":"https:\/\/stephanetetreault.com\/fr\/wp-json\/wp\/v2\/comments?post=767"}],"version-history":[{"count":10,"href":"https:\/\/stephanetetreault.com\/fr\/wp-json\/wp\/v2\/pages\/767\/revisions"}],"predecessor-version":[{"id":8699,"href":"https:\/\/stephanetetreault.com\/fr\/wp-json\/wp\/v2\/pages\/767\/revisions\/8699"}],"wp:attachment":[{"href":"https:\/\/stephanetetreault.com\/fr\/wp-json\/wp\/v2\/media?parent=767"}],"curies":[{"name":"wp","href":"https:\/\/api.w.org\/{rel}","templated":true}]}}